{"id":110088,"date":"2019-06-11T15:22:14","date_gmt":"2019-06-11T13:22:14","guid":{"rendered":"https:\/\/www.yves-rocher-fondation.org\/photography-people-nature\/"},"modified":"2025-01-28T11:03:50","modified_gmt":"2025-01-28T10:03:50","slug":"photography-people-nature","status":"publish","type":"page","link":"https:\/\/www.yves-rocher-fondation.org\/en\/photography-people-nature\/","title":{"rendered":"Photography, People &#038; Nature"},"content":{"rendered":"\t\t<div data-elementor-type=\"wp-post\" data-elementor-id=\"110088\" class=\"elementor elementor-110088 elementor-102793\">\n\t\t\t\t\t\t<section class=\"elementor-section elementor-top-section elementor-element elementor-element-1633f732 elementor-section-stretched elementor-section-boxed elementor-section-height-default elementor-section-height-default\" data-id=\"1633f732\" data-element_type=\"section\" data-settings=\"{&quot;stretch_section&quot;:&quot;section-stretched&quot;}\">\n\t\t\t\t\t\t<div class=\"elementor-container elementor-column-gap-no\">\n\t\t\t\t\t<div class=\"elementor-column elementor-col-100 elementor-top-column elementor-element elementor-element-bc354b\" data-id=\"bc354b\" data-element_type=\"column\">\n\t\t\t<div class=\"elementor-widget-wrap elementor-element-populated\">\n\t\t\t\t\t\t<div class=\"elementor-element elementor-element-568aacfa elementor-widget elementor-widget-text-editor\" data-id=\"568aacfa\" data-element_type=\"widget\" data-widget_type=\"text-editor.default\">\n\t\t\t\t<div class=\"elementor-widget-container\">\n\t\t\t\t\t\t\t<p>The Yves Rocher Foundation supports committed photographers.<\/p><p>Through their eyes, a whole world is waiting to be discovered, loved and protected.<\/p>\t\t\t\t\t\t<\/div>\n\t\t\t\t<\/div>\n\t\t\t\t\t<\/div>\n\t\t<\/div>\n\t\t\t\t\t<\/div>\n\t\t<\/section>\n\t\t\t\t<section class=\"elementor-section elementor-top-section elementor-element elementor-element-1cd25cd5 elementor-section-stretched elementor-section-boxed elementor-section-height-default elementor-section-height-default\" data-id=\"1cd25cd5\" data-element_type=\"section\" data-settings=\"{&quot;stretch_section&quot;:&quot;section-stretched&quot;}\">\n\t\t\t\t\t\t<div class=\"elementor-container elementor-column-gap-no\">\n\t\t\t\t\t<div class=\"elementor-column elementor-col-50 elementor-top-column elementor-element elementor-element-65bf5934\" data-id=\"65bf5934\" data-element_type=\"column\">\n\t\t\t<div class=\"elementor-widget-wrap elementor-element-populated\">\n\t\t\t\t\t\t<div class=\"elementor-element elementor-element-6986fbe height-widget-bio-1-1 elementor-widget elementor-widget-Biodiversite\" data-id=\"6986fbe\" data-element_type=\"widget\" data-widget_type=\"Biodiversite.default\">\n\t\t\t\t<div class=\"elementor-widget-container\">\n\t\t\t            <div class=\"template2\">\n                <div class=\"premium-blog-thumb-effect-wrapper\">\n                    <div class=\"premium-blog-thumbnail-container\">\n                        <div class=\"premium-blog-zoomin-effect\">\n                            <a href=\"https:\/\/www.yves-rocher-fondation.org\/en\/sur-le-terrain\/la-fin-dun-monde\/\" class=\"\" style=\"background:url('https:\/\/www.yves-rocher-fondation.org\/wp-content\/uploads\/2019\/06\/DSC4740-1-1500x843.jpg') no-repeat top center; \">\n                                <img fetchpriority=\"high\" decoding=\"async\" width=\"1200\" height=\"674\" src=\"https:\/\/www.yves-rocher-fondation.org\/wp-content\/uploads\/2019\/06\/DSC4740-1-1500x843.jpg\" class=\"attachment-large size-large wp-post-image\" alt=\"Fausto podavini\" srcset=\"https:\/\/www.yves-rocher-fondation.org\/wp-content\/uploads\/2019\/06\/DSC4740-1-1500x843.jpg 1500w, https:\/\/www.yves-rocher-fondation.org\/wp-content\/uploads\/2019\/06\/DSC4740-1-500x281.jpg 500w, https:\/\/www.yves-rocher-fondation.org\/wp-content\/uploads\/2019\/06\/DSC4740-1-770x433.jpg 770w, https:\/\/www.yves-rocher-fondation.org\/wp-content\/uploads\/2019\/06\/DSC4740-1-293x165.jpg 293w, https:\/\/www.yves-rocher-fondation.org\/wp-content\/uploads\/2019\/06\/DSC4740-1-1400x787.jpg 1400w\" sizes=\"(max-width: 1200px) 100vw, 1200px\" \/>                            <\/a>\n                        <\/div>\n                                                    <a href=\"https:\/\/www.yves-rocher-fondation.org\/en\/sur-le-terrain\/la-fin-dun-monde\/\" class=\" media-icon icone_base\" data-target=\"hero-wrap\" data-source=\"self\" data-src-a=\"https:\/\/www.youtube.com\/embed\/ZgVMLlmX9Bs?rel=0&#038;autoplay=1\">\n                                <i class=\"tipi-i-play_arrow video_icone\" aria-hidden=\"true\"><\/i><\/a>\n\n                                            <\/div>\n                    <div class=\"premium-blog-content-wrapper \">\n                        <div class=\"title-wrap\">\n                            <h3 class=\"premium-blog-entry-title bio-1\">\n                                <a href=\"https:\/\/www.yves-rocher-fondation.org\/en\/sur-le-terrain\/la-fin-dun-monde\/\">Fausto Podavini<\/a>\n                            <\/h3>\n                            <p class=\"subtitle bio-1\">The end of a world<\/p>\n                        <\/div>\n                    <\/div>\n                <\/div>\n            <\/div>\n\n\t\t<\/div>\n\t\t\t\t<\/div>\n\t\t\t\t<section class=\"elementor-section elementor-inner-section elementor-element elementor-element-5a58a8a4 no--gap elementor-section-boxed elementor-section-height-default elementor-section-height-default\" data-id=\"5a58a8a4\" data-element_type=\"section\" data-settings=\"{&quot;background_background&quot;:&quot;classic&quot;}\">\n\t\t\t\t\t\t<div class=\"elementor-container elementor-column-gap-default\">\n\t\t\t\t\t<div class=\"elementor-column elementor-col-50 elementor-inner-column elementor-element elementor-element-6d2d01ab\" data-id=\"6d2d01ab\" data-element_type=\"column\">\n\t\t\t<div class=\"elementor-widget-wrap elementor-element-populated\">\n\t\t\t\t\t\t<div class=\"elementor-element elementor-element-1279d586 elementor-widget elementor-widget-Biodiversite-2\" data-id=\"1279d586\" data-element_type=\"widget\" data-widget_type=\"Biodiversite-2.default\">\n\t\t\t\t<div class=\"elementor-widget-container\">\n\t\t\t\t\t\t<div class=\"template2 bg-vrt-img block-bio-2\">\n\t\t\t\t<div class=\"premium-blog-thumb-effect-wrapper\">\n\t\t\t\t\t<div class=\"premium-blog-thumbnail-container premium-blog-zoomin-effect\">\n\t\t\t\t\t\t<a href=\"https:\/\/www.yves-rocher-fondation.org\/en\/photographers-supported\/\" class=\"bio-2-a\"><\/a>\n\t\t\t\t\t<\/div>\n\t\t\t\t\t<div class=\"premium-blog-content-wrapper bio-2\">\n\t\t\t\t\t\t<div class=\"title-wrap\">\n\t\t\t\t\t\t\t<h4 class=\"premium-blog-entry-title\">\n\t\t\t\t\t\t\t\t<a href=\"https:\/\/www.yves-rocher-fondation.org\/en\/photographers-supported\/\">PHOTOGRAPHERS SUPPORTED<\/a>\n\t\t\t\t\t\t\t<\/h4>\n\t\t\t\t\t\t\t<p class=\"subtitle bio-2\">The Yves Rocher Foundation - Visa pour l\u2019Image Pho...<\/p>\n\t\t\t\t\t\t<\/div>\n\t\t\t\t\t<\/div>\n\t\t\t\t<\/div>\n\t\t\t<\/div>\n\n\n\t\t<\/div>\n\t\t\t\t<\/div>\n\t\t\t\t\t<\/div>\n\t\t<\/div>\n\t\t\t\t<div class=\"elementor-column elementor-col-50 elementor-inner-column elementor-element elementor-element-17ed5536\" data-id=\"17ed5536\" data-element_type=\"column\">\n\t\t\t<div class=\"elementor-widget-wrap elementor-element-populated\">\n\t\t\t\t\t\t<div class=\"elementor-element elementor-element-1c43eaf7 elementor-widget elementor-widget-Biodiversite-2\" data-id=\"1c43eaf7\" data-element_type=\"widget\" data-widget_type=\"Biodiversite-2.default\">\n\t\t\t\t<div class=\"elementor-widget-container\">\n\t\t\t\t\t\t<div class=\"template2 bg-vrt-img block-bio-2\">\n\t\t\t\t<div class=\"premium-blog-thumb-effect-wrapper\">\n\t\t\t\t\t<div class=\"premium-blog-thumbnail-container premium-blog-zoomin-effect\">\n\t\t\t\t\t\t<a href=\"https:\/\/www.yves-rocher-fondation.org\/en\/festival-photo-la-gacilly\/\" class=\"bio-2-a\"><\/a>\n\t\t\t\t\t<\/div>\n\t\t\t\t\t<div class=\"premium-blog-content-wrapper bio-2\">\n\t\t\t\t\t\t<div class=\"title-wrap\">\n\t\t\t\t\t\t\t<h4 class=\"premium-blog-entry-title\">\n\t\t\t\t\t\t\t\t<a href=\"https:\/\/www.yves-rocher-fondation.org\/en\/festival-photo-la-gacilly\/\">LA GACILLY PHOTO FESTIVAL<\/a>\n\t\t\t\t\t\t\t<\/h4>\n\t\t\t\t\t\t\t<p class=\"subtitle bio-2\">The spiritual home of committed photography<\/p>\n\t\t\t\t\t\t<\/div>\n\t\t\t\t\t<\/div>\n\t\t\t\t<\/div>\n\t\t\t<\/div>\n\n\n\t\t<\/div>\n\t\t\t\t<\/div>\n\t\t\t\t\t<\/div>\n\t\t<\/div>\n\t\t\t\t\t<\/div>\n\t\t<\/section>\n\t\t\t\t<div class=\"elementor-element elementor-element-4559d65a elementor-button-custom-style elementor-widget elementor-widget-image_parallax\" data-id=\"4559d65a\" data-element_type=\"widget\" data-widget_type=\"image_parallax.default\">\n\t\t\t\t<div class=\"elementor-widget-container\">\n\t\t\t<\/div><div class=\"cta-row\"><div class=\"tipi-row\"><div class=\"global_div\"><div class=\"titles_container\"><h3 class=\"custom-elementor-title-2\"> Yves Rocher Foundation <br>Photo Award <\/h3><h2 class=\"custom-elementor-title-3\"> IN PARTNERSHIP WITH <br>VISA POUR L\u2019IMAGE - PERPIGNAN <\/h2><a href=\"https:\/\/www.yves-rocher-fondation.org\/en\/candidater-au-prix-photo\/\" class=\"elementor-button-link elementor-button elementor-size-sm\" role=\"button\"><span class=\"button_text\">APPLY!<\/span><span class=\"icon_button\"><i class=\"fa fa-long-arrow-right\" aria-hidden=\"true\"><\/i> <\/span><\/a><\/div><\/div><\/div>\t\t<\/div>\n\t\t\t\t<\/div>\n\t\t\t\t\t<\/div>\n\t\t<\/div>\n\t\t\t\t<div class=\"elementor-column elementor-col-50 elementor-top-column elementor-element elementor-element-290419ba\" data-id=\"290419ba\" data-element_type=\"column\">\n\t\t\t<div class=\"elementor-widget-wrap elementor-element-populated\">\n\t\t\t\t\t\t<div class=\"elementor-element elementor-element-622e345a elementor-widget elementor-widget-text-editor\" data-id=\"622e345a\" data-element_type=\"widget\" id=\"commencement-p\" data-widget_type=\"text-editor.default\">\n\t\t\t\t<div class=\"elementor-widget-container\">\n\t\t\t\t\t\t\t<blockquote><p><strong>Because each view of the world is unique, because difference is what nourishes our opinions, and because capturing our planet is already a pledge of commitment.<\/strong><\/p><\/blockquote><p>With these words, Jacques Rocher affirms his unwavering support for photographers working on the ground to raise awareness, through the power of images, of the fragile beauty of our lands and forests, and the crucial issue of environmental protection.<br \/>Photographic proof that the world is finally waking up.<\/p><p>For many years, we have been supporting and accompanying photographers carrying out long-term projects.<br \/>Our history is thus marked by encounters with renowned photographers and the beautiful stories they wish to tell. One such photographer is Pascal Ma\u00eetre, who, through his work on baobabs in Madagascar, delivers a touching account of the lives of these majestic yet gentle giants that are essential to biodiversity.<\/p><p>For us, exploring, photographing and exhibiting is the most sensitive way of showing the truth about the world, the planet and all its living things, and to set the wheels of conscience in motion.<\/p><div id=\"ritekit-alerts\">\u00a0<\/div><div id=\"ritekit-alerts\">\u00a0<\/div><div id=\"ritekit-alerts\">\u00a0<\/div><p>\u00a0<\/p>\t\t\t\t\t\t<\/div>\n\t\t\t\t<\/div>\n\t\t\t\t\t<\/div>\n\t\t<\/div>\n\t\t\t\t\t<\/div>\n\t\t<\/section>\n\t\t\t\t<section class=\"elementor-section elementor-top-section elementor-element elementor-element-6c9bd869 elementor-section-stretched elementor-section-boxed elementor-section-height-default elementor-section-height-default\" data-id=\"6c9bd869\" data-element_type=\"section\" id=\"femme-engage-block\" data-settings=\"{&quot;background_background&quot;:&quot;classic&quot;,&quot;stretch_section&quot;:&quot;section-stretched&quot;}\">\n\t\t\t\t\t\t<div class=\"elementor-container elementor-column-gap-no\">\n\t\t\t\t\t<div class=\"elementor-column elementor-col-100 elementor-top-column elementor-element elementor-element-572fde90\" data-id=\"572fde90\" data-element_type=\"column\">\n\t\t\t<div class=\"elementor-widget-wrap elementor-element-populated\">\n\t\t\t\t\t\t<div class=\"elementor-element elementor-element-31f9cf43 titre-block-icones elementor-widget elementor-widget-text-editor\" data-id=\"31f9cf43\" data-element_type=\"widget\" data-widget_type=\"text-editor.default\">\n\t\t\t\t<div class=\"elementor-widget-container\">\n\t\t\t\t\t\t\t<p>OUR COMMITMENT IN PICTURES<\/p>\n\t\t\t\t\t\t<\/div>\n\t\t\t\t<\/div>\n\t\t\t\t<section class=\"elementor-section elementor-inner-section elementor-element elementor-element-2727553d block-icons elementor-section-boxed elementor-section-height-default elementor-section-height-default\" data-id=\"2727553d\" data-element_type=\"section\">\n\t\t\t\t\t\t<div class=\"elementor-container elementor-column-gap-no\">\n\t\t\t\t\t<div class=\"elementor-column elementor-col-33 elementor-inner-column elementor-element elementor-element-3ce26ead\" data-id=\"3ce26ead\" data-element_type=\"column\">\n\t\t\t<div class=\"elementor-widget-wrap elementor-element-populated\">\n\t\t\t\t\t\t<div class=\"elementor-element elementor-element-7f356d3b elementor-widget elementor-widget-image\" data-id=\"7f356d3b\" data-element_type=\"widget\" data-widget_type=\"image.default\">\n\t\t\t\t<div class=\"elementor-widget-container\">\n\t\t\t\t\t\t\t\t\t\t\t\t\t<img decoding=\"async\" width=\"67\" height=\"54\" src=\"https:\/\/www.yves-rocher-fondation.org\/wp-content\/uploads\/2019\/04\/photographe.png\" class=\"attachment-large size-large wp-image-101680\" alt=\"\" \/>\t\t\t\t\t\t\t\t\t\t\t\t\t<\/div>\n\t\t\t\t<\/div>\n\t\t\t\t<div class=\"elementor-element elementor-element-5daca09f elementor-widget elementor-widget-text-editor\" data-id=\"5daca09f\" data-element_type=\"widget\" data-widget_type=\"text-editor.default\">\n\t\t\t\t<div class=\"elementor-widget-container\">\n\t\t\t\t\t\t\t<p style=\"text-align: center;\"><strong>12 photographers<\/strong><\/p>\n<p style=\"text-align: center;\">supported<\/p>\n\t\t\t\t\t\t<\/div>\n\t\t\t\t<\/div>\n\t\t\t\t\t<\/div>\n\t\t<\/div>\n\t\t\t\t<div class=\"elementor-column elementor-col-33 elementor-inner-column elementor-element elementor-element-1cdbed19\" data-id=\"1cdbed19\" data-element_type=\"column\">\n\t\t\t<div class=\"elementor-widget-wrap elementor-element-populated\">\n\t\t\t\t\t\t<div class=\"elementor-element elementor-element-3ff57618 elementor-widget elementor-widget-image\" data-id=\"3ff57618\" data-element_type=\"widget\" data-widget_type=\"image.default\">\n\t\t\t\t<div class=\"elementor-widget-container\">\n\t\t\t\t\t\t\t\t\t\t\t\t\t<img decoding=\"async\" width=\"67\" height=\"56\" src=\"https:\/\/www.yves-rocher-fondation.org\/wp-content\/uploads\/2019\/04\/laureate.png\" class=\"attachment-large size-large wp-image-101684\" alt=\"\" \/>\t\t\t\t\t\t\t\t\t\t\t\t\t<\/div>\n\t\t\t\t<\/div>\n\t\t\t\t<div class=\"elementor-element elementor-element-57913b36 elementor-widget elementor-widget-text-editor\" data-id=\"57913b36\" data-element_type=\"widget\" data-widget_type=\"text-editor.default\">\n\t\t\t\t<div class=\"elementor-widget-container\">\n\t\t\t\t\t\t\t<p style=\"text-align: center;\"><strong>5 winners\u00a0<\/strong><\/p><p style=\"text-align: center;\">of the Photo Award<\/p>\t\t\t\t\t\t<\/div>\n\t\t\t\t<\/div>\n\t\t\t\t\t<\/div>\n\t\t<\/div>\n\t\t\t\t<div class=\"elementor-column elementor-col-33 elementor-inner-column elementor-element elementor-element-509d6b29\" data-id=\"509d6b29\" data-element_type=\"column\">\n\t\t\t<div class=\"elementor-widget-wrap elementor-element-populated\">\n\t\t\t\t\t\t<div class=\"elementor-element elementor-element-3e811944 elementor-widget elementor-widget-image\" data-id=\"3e811944\" data-element_type=\"widget\" data-widget_type=\"image.default\">\n\t\t\t\t<div class=\"elementor-widget-container\">\n\t\t\t\t\t\t\t\t\t\t\t\t\t<img loading=\"lazy\" decoding=\"async\" width=\"140\" height=\"140\" src=\"https:\/\/www.yves-rocher-fondation.org\/wp-content\/uploads\/2019\/06\/pictos-plantons-assoc.png\" class=\"attachment-large size-large wp-image-103982\" alt=\"\" srcset=\"https:\/\/www.yves-rocher-fondation.org\/wp-content\/uploads\/2019\/06\/pictos-plantons-assoc.png 140w, https:\/\/www.yves-rocher-fondation.org\/wp-content\/uploads\/2019\/06\/pictos-plantons-assoc-100x100.png 100w\" sizes=\"(max-width: 140px) 100vw, 140px\" \/>\t\t\t\t\t\t\t\t\t\t\t\t\t<\/div>\n\t\t\t\t<\/div>\n\t\t\t\t<div class=\"elementor-element elementor-element-f2f2de6 elementor-widget elementor-widget-text-editor\" data-id=\"f2f2de6\" data-element_type=\"widget\" data-widget_type=\"text-editor.default\">\n\t\t\t\t<div class=\"elementor-widget-container\">\n\t\t\t\t\t\t\t<p style=\"text-align: center;\"><strong>5 partners<\/strong><\/p>\n\t\t\t\t\t\t<\/div>\n\t\t\t\t<\/div>\n\t\t\t\t\t<\/div>\n\t\t<\/div>\n\t\t\t\t\t<\/div>\n\t\t<\/section>\n\t\t\t\t\t<\/div>\n\t\t<\/div>\n\t\t\t\t\t<\/div>\n\t\t<\/section>\n\t\t\t\t<section class=\"elementor-section elementor-top-section elementor-element elementor-element-75310c22 elementor-section-stretched elementor-section-boxed elementor-section-height-default elementor-section-height-default\" data-id=\"75310c22\" data-element_type=\"section\" data-settings=\"{&quot;stretch_section&quot;:&quot;section-stretched&quot;}\">\n\t\t\t\t\t\t<div class=\"elementor-container elementor-column-gap-no\">\n\t\t\t\t\t<div class=\"elementor-column elementor-col-66 elementor-top-column elementor-element elementor-element-2a38b1ea\" data-id=\"2a38b1ea\" data-element_type=\"column\">\n\t\t\t<div class=\"elementor-widget-wrap elementor-element-populated\">\n\t\t\t\t\t\t<div class=\"elementor-element elementor-element-d739da6 elementor-widget elementor-widget-text-editor\" data-id=\"d739da6\" data-element_type=\"widget\" data-widget_type=\"text-editor.default\">\n\t\t\t\t<div class=\"elementor-widget-container\">\n\t\t\t\t\t\t\t<p><strong>SUPPORTING COMMITTED PHOTOGRAPHY: <\/strong><strong>A SPECIAL FOUNDATION AWARD <\/strong><\/p><div id=\"ritekit-alerts\">\u00a0<\/div>\t\t\t\t\t\t<\/div>\n\t\t\t\t<\/div>\n\t\t\t\t<div class=\"elementor-element elementor-element-03ec057 elementor-widget elementor-widget-image\" data-id=\"03ec057\" data-element_type=\"widget\" data-widget_type=\"image.default\">\n\t\t\t\t<div class=\"elementor-widget-container\">\n\t\t\t\t\t\t\t\t\t\t\t\t\t<img loading=\"lazy\" decoding=\"async\" width=\"1200\" height=\"955\" src=\"https:\/\/www.yves-rocher-fondation.org\/wp-content\/uploads\/mathias_depardon-20.jpg\" class=\"attachment-large size-large wp-image-114084\" alt=\"Prix photo visa pour l&#039;image Fondation Yves Rocher Mathias Depardon crise de l&#039;eau Turquie Irak\" srcset=\"https:\/\/www.yves-rocher-fondation.org\/wp-content\/uploads\/mathias_depardon-20.jpg 1250w, https:\/\/www.yves-rocher-fondation.org\/wp-content\/uploads\/mathias_depardon-20-500x398.jpg 500w, https:\/\/www.yves-rocher-fondation.org\/wp-content\/uploads\/mathias_depardon-20-770x613.jpg 770w, https:\/\/www.yves-rocher-fondation.org\/wp-content\/uploads\/mathias_depardon-20-293x233.jpg 293w\" sizes=\"(max-width: 1200px) 100vw, 1200px\" \/>\t\t\t\t\t\t\t\t\t\t\t\t\t<\/div>\n\t\t\t\t<\/div>\n\t\t\t\t<div class=\"elementor-element elementor-element-1250e4f elementor-widget elementor-widget-text-editor\" data-id=\"1250e4f\" data-element_type=\"widget\" data-widget_type=\"text-editor.default\">\n\t\t\t\t<div class=\"elementor-widget-container\">\n\t\t\t\t\t\t\t<p>For the past seven years, we have been awarding a prize of \u20ac8,000 in partnership with Visa pour l\u2019Image \u2013 Perpignan, the leading festival in photojournalism. This aim of this award is to support professionals working on environmental issues, the major challenges of sustainable development, or the relationship between humans and the planet. Winner of the seventh edition, French photographer Mathias Depardon was singled out for his work and perspective on the ecological, social and political consequences of regional water management in the Middle Eastern Basin. He offers a highly visual and effective assessment of a tense situation in Turkey and Iraq.<\/p><p>\u00a0<\/p><p><strong style=\"text-decoration: underline;\"><a href=\"https:\/\/www.yves-rocher-fondation.org\/en\/candidater-au-prix-photo\/\">More about the Photo Award<\/a><\/strong><\/p>\t\t\t\t\t\t<\/div>\n\t\t\t\t<\/div>\n\t\t\t\t<div class=\"elementor-element elementor-element-c44432d elementor-widget elementor-widget-text-editor\" data-id=\"c44432d\" data-element_type=\"widget\" data-widget_type=\"text-editor.default\">\n\t\t\t\t<div class=\"elementor-widget-container\">\n\t\t\t\t\t\t\t<p><strong>DISPLAYING THE BEAUTY OF THE WORLD<\/strong><\/p>\n\t\t\t\t\t\t<\/div>\n\t\t\t\t<\/div>\n\t\t\t\t<div class=\"elementor-element elementor-element-ae6a8af elementor-widget elementor-widget-text-editor\" data-id=\"ae6a8af\" data-element_type=\"widget\" data-widget_type=\"text-editor.default\">\n\t\t\t\t<div class=\"elementor-widget-container\">\n\t\t\t\t\t\t\t<p>It never gets old! For the past 15 years, the village of La Gacilly in Brittany \u2013 where our commitment first took root \u2013 has been giving renowned photographers from all over the world a summer stage to unveil the state of the planet. <\/p>\n\t\t\t\t\t\t<\/div>\n\t\t\t\t<\/div>\n\t\t\t\t<div class=\"elementor-element elementor-element-96c22bf elementor-widget elementor-widget-image\" data-id=\"96c22bf\" data-element_type=\"widget\" data-widget_type=\"image.default\">\n\t\t\t\t<div class=\"elementor-widget-container\">\n\t\t\t\t\t\t\t\t\t\t\t\t\t<img loading=\"lazy\" decoding=\"async\" width=\"750\" height=\"424\" src=\"https:\/\/www.yves-rocher-fondation.org\/wp-content\/uploads\/2019\/07\/Maison-de-la-photographie-Gacilly.jpg\" class=\"attachment-large size-large wp-image-107574\" alt=\"Maison de la photographie Festival photo de la Gacilly\" srcset=\"https:\/\/www.yves-rocher-fondation.org\/wp-content\/uploads\/2019\/07\/Maison-de-la-photographie-Gacilly.jpg 750w, https:\/\/www.yves-rocher-fondation.org\/wp-content\/uploads\/2019\/07\/Maison-de-la-photographie-Gacilly-500x283.jpg 500w, https:\/\/www.yves-rocher-fondation.org\/wp-content\/uploads\/2019\/07\/Maison-de-la-photographie-Gacilly-293x166.jpg 293w\" sizes=\"(max-width: 750px) 100vw, 750px\" \/>\t\t\t\t\t\t\t\t\t\t\t\t\t<\/div>\n\t\t\t\t<\/div>\n\t\t\t\t<div class=\"elementor-element elementor-element-102f77c elementor-widget elementor-widget-text-editor\" data-id=\"102f77c\" data-element_type=\"widget\" data-widget_type=\"text-editor.default\">\n\t\t\t\t<div class=\"elementor-widget-container\">\n\t\t\t\t\t\t\t<p>The Yves Rocher Foundation has always been the historical partner of La Gacilly Photo Festival, where ethical, humanistic and meaningful photography based on the relationship between humans and their environment is displayed. Thus, from June to September every year, this tiny portion of Brittany welcomes no less than 350,000 visitors strolling through open-air art galleries free of charge. This event gives the general public an opportunity to view images taken by committed photographers on our photography missions, which highlight the work carried out in our tree-planting programme around the world in the past 15 years.<\/p>\n\t\t\t\t\t\t<\/div>\n\t\t\t\t<\/div>\n\t\t\t\t<div class=\"elementor-element elementor-element-47cc462 elementor-widget elementor-widget-text-editor\" data-id=\"47cc462\" data-element_type=\"widget\" data-widget_type=\"text-editor.default\">\n\t\t\t\t<div class=\"elementor-widget-container\">\n\t\t\t\t\t\t\t<p><a href=\"https:\/\/www.yves-rocher-fondation.org\/en\/festival-photo-la-gacilly\/\"><strong><u>Find out more La Gacilly Photo Festival<\/u><\/strong><\/a><\/p><div id=\"ritekit-alerts\">\u00a0<\/div>\t\t\t\t\t\t<\/div>\n\t\t\t\t<\/div>\n\t\t\t\t\t<\/div>\n\t\t<\/div>\n\t\t\t\t<div class=\"elementor-column elementor-col-33 elementor-top-column elementor-element elementor-element-4208a178\" data-id=\"4208a178\" data-element_type=\"column\" data-settings=\"{&quot;background_background&quot;:&quot;classic&quot;}\">\n\t\t\t<div class=\"elementor-widget-wrap elementor-element-populated\">\n\t\t\t\t\t\t<div class=\"elementor-element elementor-element-1ae14c3b elementor-widget elementor-widget-block_eclaireur\" data-id=\"1ae14c3b\" data-element_type=\"widget\" data-widget_type=\"block_eclaireur.default\">\n\t\t\t\t<div class=\"elementor-widget-container\">\n\t\t\t <div class=\"block-skin-2 block-eclaireur-skin-2 \">\n            <div class=\"block-title-wrap module-block-title clearfix  block-title-wrap-style block-title-1\">\n                <div class=\"block-title-area clearfix\">\n                    <div class=\"expert-block-title\">\n                        Photos & perspectives                    <\/div>\n                    <div class=\"expert-block-subtitle\">\n                        Views on biodiversity                    <\/div>\n                <\/div>\n            <\/div>\n            <div class=\"block-eclaireur-articles\">\n                                    <div class=\"\">\n                        <div class=\"preview-mini-wrap clearfix\">\n                            <div class=\"premium-blog-thumb-effect-wrapper\">\n                                <div class=\"premium-blog-thumbnail-container black-block-cover-image premium-blog-zoomin-effect\">\n                                    <a style=\"background:url('https:\/\/www.yves-rocher-fondation.org\/wp-content\/uploads\/2019\/06\/NAD_Portrait_PHM2-1-1.jpg') no-repeat center center;height: 325px;\" href=\"https:\/\/www.yves-rocher-fondation.org\/en\/sur-le-terrain\/phil-hatcher-moore\/\">\n                                        <img loading=\"lazy\" decoding=\"async\" width=\"489\" height=\"325\" src=\"https:\/\/www.yves-rocher-fondation.org\/wp-content\/uploads\/2019\/06\/NAD_Portrait_PHM2-1-1.jpg\" class=\"attachment-500x325 size-500x325 wp-post-image\" alt=\"Phil Hatcher-Moore, a journalist fighting for the planet\" srcset=\"https:\/\/www.yves-rocher-fondation.org\/wp-content\/uploads\/2019\/06\/NAD_Portrait_PHM2-1-1.jpg 1200w, https:\/\/www.yves-rocher-fondation.org\/wp-content\/uploads\/2019\/06\/NAD_Portrait_PHM2-1-1-500x333.jpg 500w, https:\/\/www.yves-rocher-fondation.org\/wp-content\/uploads\/2019\/06\/NAD_Portrait_PHM2-1-1-770x512.jpg 770w, https:\/\/www.yves-rocher-fondation.org\/wp-content\/uploads\/2019\/06\/NAD_Portrait_PHM2-1-1-370x247.jpg 370w, https:\/\/www.yves-rocher-fondation.org\/wp-content\/uploads\/2019\/06\/NAD_Portrait_PHM2-1-1-1155x770.jpg 1155w, https:\/\/www.yves-rocher-fondation.org\/wp-content\/uploads\/2019\/06\/NAD_Portrait_PHM2-1-1-293x195.jpg 293w\" sizes=\"(max-width: 489px) 100vw, 489px\" \/>                                    <\/a>\n                                <\/div>\n                            <\/div>\n\n                            <div class=\"meta\">\n                                <div class=\"title-wrap\">\n                                    <div class=\"title\">\n                                        <a href=\"https:\/\/www.yves-rocher-fondation.org\/en\/sur-le-terrain\/phil-hatcher-moore\/\">Phil Hatcher-Moore<\/a>\n                                    <\/div>\n                                <\/div>\n                                <div class=\"description body-color\">\n                                                                        The Yves Rocher Foundation commissioned British photojournalist Phil Hatcher-Moore to explore three large regions of France (Brittany, the Pays de la Loire and Auvergne) and...                                <\/div>\n                                <div class=\"lire_suite black-block-lire-suite\">\n                                    <a href=\"https:\/\/www.yves-rocher-fondation.org\/en\/sur-le-terrain\/phil-hatcher-moore\/\">\n                                        READ MORE                                    <\/a>\n                                <\/div>\n                            <\/div>\n                        <\/div>\n                    <\/div>\n                                            <div class=\"tipi-xs-typo split-1 split-design-1 loop-1 preview-thumbnail\">\n                            <div class=\"preview-mini-wrap clearfix\">\n                                <div class=\"mask\">\n                                    <a href=\"https:\/\/www.yves-rocher-fondation.org\/en\/sur-le-terrain\/marco-zorzanello\/\" class=\"mask-img\">\n                                        <div class=\"black-block-thumbnail\" style=\"background: url('https:\/\/www.yves-rocher-fondation.org\/wp-content\/uploads\/2019\/06\/115V2-1-500x472.jpg') no-repeat top center;\"> <\/div>\n                                    <\/a>\n                                <\/div>\n\n                                <div class=\"meta\">\n                                    <div class=\"title-wrap\">\n                                        <div class=\"eclaireur_title\">\n                                            <a href=\"https:\/\/www.yves-rocher-fondation.org\/en\/sur-le-terrain\/marco-zorzanello\/\">Marco Zorzanello<\/a>\n                                        <\/div>\n                                    <\/div>\n                                    <div class=\"description mobile_desc body-color d-md-none\">\n                                                                                Marco Zorzanello won our 2018 Photo Award, presented in partnership with the \u201cVisa pour l\u2019Image-Perpignan\u201d Festival, for his work on climate change in the era...                                    <\/div>\n                                    <div class=\"lire_suite black-block-lire-suite d-md-none\">\n                                        <a href=\"https:\/\/www.yves-rocher-fondation.org\/en\/sur-le-terrain\/marco-zorzanello\/\">\n                                            READ MORE                                        <\/a>\n                                    <\/div>\n\n                                <\/div>\n                            <\/div>\n                        <\/div>\n                                        <div class=\"tipi-xs-typo split-1 split-design-1 loop-1 preview-thumbnail\">\n                            <div class=\"preview-mini-wrap clearfix\">\n                                <div class=\"mask\">\n                                    <a href=\"https:\/\/www.yves-rocher-fondation.org\/en\/sur-le-terrain\/brent-stirton\/\" class=\"mask-img\">\n                                        <div class=\"black-block-thumbnail\" style=\"background: url('https:\/\/www.yves-rocher-fondation.org\/wp-content\/uploads\/2019\/06\/BrentStirton-portrait-1-449x500.jpg') no-repeat top center;\"> <\/div>\n                                    <\/a>\n                                <\/div>\n\n                                <div class=\"meta\">\n                                    <div class=\"title-wrap\">\n                                        <div class=\"eclaireur_title\">\n                                            <a href=\"https:\/\/www.yves-rocher-fondation.org\/en\/sur-le-terrain\/brent-stirton\/\">Brent Stirton<\/a>\n                                        <\/div>\n                                    <\/div>\n                                    <div class=\"description mobile_desc body-color d-md-none\">\n                                                                                The Yves Rocher Foundation commissioned photojournalist Brent Stirton to visit Ethiopia and document the reforestation initiatives being led by the Foundation and the NGO Green...                                    <\/div>\n                                    <div class=\"lire_suite black-block-lire-suite d-md-none\">\n                                        <a href=\"https:\/\/www.yves-rocher-fondation.org\/en\/sur-le-terrain\/brent-stirton\/\">\n                                            READ MORE                                        <\/a>\n                                    <\/div>\n\n                                <\/div>\n                            <\/div>\n                        <\/div>\n                                        <div class=\"tipi-xs-typo split-1 split-design-1 loop-1 preview-thumbnail\">\n                            <div class=\"preview-mini-wrap clearfix\">\n                                <div class=\"mask\">\n                                    <a href=\"https:\/\/www.yves-rocher-fondation.org\/en\/sur-le-terrain\/robin-hammond\/\" class=\"mask-img\">\n                                        <div class=\"black-block-thumbnail\" style=\"background: url('https:\/\/www.yves-rocher-fondation.org\/wp-content\/uploads\/2019\/06\/16.jpg') no-repeat top center;\"> <\/div>\n                                    <\/a>\n                                <\/div>\n\n                                <div class=\"meta\">\n                                    <div class=\"title-wrap\">\n                                        <div class=\"eclaireur_title\">\n                                            <a href=\"https:\/\/www.yves-rocher-fondation.org\/en\/sur-le-terrain\/robin-hammond\/\">Robin Hammond<\/a>\n                                        <\/div>\n                                    <\/div>\n                                    <div class=\"description mobile_desc body-color d-md-none\">\n                                                                                Robin Hammond has devoted his career to documenting human rights and development issues, particularly in Sub-Saharan Africa. N\u00e9 en 1975 en Nouvelle-Z\u00e9lande, Robin Hammond est...                                    <\/div>\n                                    <div class=\"lire_suite black-block-lire-suite d-md-none\">\n                                        <a href=\"https:\/\/www.yves-rocher-fondation.org\/en\/sur-le-terrain\/robin-hammond\/\">\n                                            READ MORE                                        <\/a>\n                                    <\/div>\n\n                                <\/div>\n                            <\/div>\n                        <\/div>\n                            <\/div>\n                    <\/div>\n                    <div class=\"block-eclaireur-skin-cat-link\">\n                <a href=\"https:\/\/www.yves-rocher-fondation.org\/en\/-sur-le-terrain\/photographers\/\" >\n                    <p>\n                        Discover our photographers                    <\/p>\n                <\/a>\n            <\/div>\n\n\t\t<\/div>\n\t\t\t\t<\/div>\n\t\t\t\t<div class=\"elementor-element elementor-element-1e012d91 elementor-widget elementor-widget-text-editor\" data-id=\"1e012d91\" data-element_type=\"widget\" data-widget_type=\"text-editor.default\">\n\t\t\t\t<div class=\"elementor-widget-container\">\n\t\t\t\t\t\t\t<p style=\"text-align: left;\">Tell me about your vision<\/p>\n\t\t\t\t\t\t<\/div>\n\t\t\t\t<\/div>\n\t\t\t\t<div class=\"elementor-element elementor-element-7ad61d13 w-370 height-widget-bio-1-4  custom-title icone-small elementor-widget elementor-widget-Biodiversite\" data-id=\"7ad61d13\" data-element_type=\"widget\" data-widget_type=\"Biodiversite.default\">\n\t\t\t\t<div class=\"elementor-widget-container\">\n\t\t\t            <div class=\"template2\">\n                <div class=\"premium-blog-thumb-effect-wrapper\">\n                    <div class=\"premium-blog-thumbnail-container\">\n                        <div class=\"premium-blog-zoomin-effect\">\n                            <a href=\"https:\/\/www.yves-rocher-fondation.org\/en\/sur-le-terrain\/marco-zorzanello\/\" class=\"\" style=\"background:url('https:\/\/www.yves-rocher-fondation.org\/wp-content\/uploads\/2019\/06\/115V2-1.jpg') no-repeat top center; \">\n                                <img loading=\"lazy\" decoding=\"async\" width=\"900\" height=\"850\" src=\"https:\/\/www.yves-rocher-fondation.org\/wp-content\/uploads\/2019\/06\/115V2-1.jpg\" class=\"attachment-large size-large wp-post-image\" alt=\"\" srcset=\"https:\/\/www.yves-rocher-fondation.org\/wp-content\/uploads\/2019\/06\/115V2-1.jpg 900w, https:\/\/www.yves-rocher-fondation.org\/wp-content\/uploads\/2019\/06\/115V2-1-500x472.jpg 500w, https:\/\/www.yves-rocher-fondation.org\/wp-content\/uploads\/2019\/06\/115V2-1-770x727.jpg 770w, https:\/\/www.yves-rocher-fondation.org\/wp-content\/uploads\/2019\/06\/115V2-1-293x277.jpg 293w\" sizes=\"(max-width: 900px) 100vw, 900px\" \/>                            <\/a>\n                        <\/div>\n                                            <\/div>\n                    <div class=\"premium-blog-content-wrapper \">\n                        <div class=\"title-wrap\">\n                            <h3 class=\"premium-blog-entry-title bio-1\">\n                                <a href=\"https:\/\/www.yves-rocher-fondation.org\/en\/sur-le-terrain\/marco-zorzanello\/\">Marco Zorzanello<\/a>\n                            <\/h3>\n                            <p class=\"subtitle bio-1\">Taking stock of the climate emergency<\/p>\n                        <\/div>\n                    <\/div>\n                <\/div>\n            <\/div>\n\n\t\t<\/div>\n\t\t\t\t<\/div>\n\t\t\t\t\t<\/div>\n\t\t<\/div>\n\t\t\t\t\t<\/div>\n\t\t<\/section>\n\t\t\t\t<section class=\"elementor-section elementor-top-section elementor-element elementor-element-22eb97ac elementor-section-full_width elementor-section-stretched elementor-section-height-default elementor-section-height-default\" data-id=\"22eb97ac\" data-element_type=\"section\" data-settings=\"{&quot;stretch_section&quot;:&quot;section-stretched&quot;}\">\n\t\t\t\t\t\t<div class=\"elementor-container elementor-column-gap-no\">\n\t\t\t\t\t<div class=\"elementor-column elementor-col-100 elementor-top-column elementor-element elementor-element-3e315b29\" data-id=\"3e315b29\" data-element_type=\"column\">\n\t\t\t<div class=\"elementor-widget-wrap elementor-element-populated\">\n\t\t\t\t\t\t<div class=\"elementor-element elementor-element-6771f57c elementor-button-custom-style elementor-widget elementor-widget-image_parallax\" data-id=\"6771f57c\" data-element_type=\"widget\" data-widget_type=\"image_parallax.default\">\n\t\t\t\t<div class=\"elementor-widget-container\">\n\t\t\t            <script>\n                document.addEventListener(\"DOMContentLoaded\", function(event) {\n                    var widget_data_id = \"6771f57c\";\n                    jQuery(\"[data-id=\" + widget_data_id + \"] .elementor-widget-container\").css(\"top\", \"-10%\");\n                    var controller = new ScrollMagic.Controller({\n                        globalSceneOptions: {\n                            triggerHook: \"onEnter\",\n                            duration: \"200%\"\n                        }\n                    });\n                    new ScrollMagic.Scene({\n                            triggerElement: \"[data-id=\" + widget_data_id + \"]\"\n                        })\n                        .setTween(\"[data-id=\" + widget_data_id + \"] .elementor-widget-container\", {\n                            y: \"20%\",\n                            scale: 1.15,\n                            ease: Linear.easeNone\n                        })\n                        .addTo(controller);\n                });\n            <\/script>\n<\/div><div class=\"cta-row\"><div class=\"tipi-row\"><div class=\"global_div\"><div class=\"titles_container\"><div class=\"custom-elementor-title-2\"> Juan Manuel Castro Prieto <\/div><div class=\"custom-elementor-title-3\"> Report on the devastated forests <br>in the Monchique region of southern Portugal <\/div><a href=\"https:\/\/www.yves-rocher-fondation.org\/en\/sur-le-terrain\/portugal-renaitre-de-ses-cendres\/\" class=\"elementor-button-link elementor-button elementor-size-md\" role=\"button\"><span class=\"button_text\">Discover<\/span><span class=\"icon_button\"><i class=\"fa fa-long-arrow-right\" aria-hidden=\"true\"><\/i> <\/span><\/a><\/div><\/div><\/div>\t\t<\/div>\n\t\t\t\t<\/div>\n\t\t\t\t\t<\/div>\n\t\t<\/div>\n\t\t\t\t\t<\/div>\n\t\t<\/section>\n\t\t\t\t<section class=\"elementor-section elementor-top-section elementor-element elementor-element-74c8eac7 elementor-section-content-middle elementor-section-stretched elementor-hidden-phone green_block elementor-section-boxed elementor-section-height-default elementor-section-height-default\" data-id=\"74c8eac7\" data-element_type=\"section\" data-settings=\"{&quot;background_background&quot;:&quot;classic&quot;,&quot;stretch_section&quot;:&quot;section-stretched&quot;}\">\n\t\t\t\t\t\t<div class=\"elementor-container elementor-column-gap-default\">\n\t\t\t\t\t<div class=\"elementor-column elementor-col-33 elementor-top-column elementor-element elementor-element-47103ac8 block-widget widget-reseau-sociaux-row\" data-id=\"47103ac8\" data-element_type=\"column\" data-settings=\"{&quot;background_background&quot;:&quot;classic&quot;}\">\n\t\t\t<div class=\"elementor-widget-wrap elementor-element-populated\">\n\t\t\t\t\t\t<div class=\"elementor-element elementor-element-6c5b1edb left-text-block-social elementor-widget elementor-widget-text-editor\" data-id=\"6c5b1edb\" data-element_type=\"widget\" data-widget_type=\"text-editor.default\">\n\t\t\t\t<div class=\"elementor-widget-container\">\n\t\t\t\t\t\t\t<p>Following us, <strong>is already making a commitment<\/strong><\/p>\n\t\t\t\t\t\t<\/div>\n\t\t\t\t<\/div>\n\t\t\t\t\t<\/div>\n\t\t<\/div>\n\t\t\t\t<div class=\"elementor-column elementor-col-33 elementor-top-column elementor-element elementor-element-99ce2ad block-widget widget-reseau-sociaux-row\" data-id=\"99ce2ad\" data-element_type=\"column\" data-settings=\"{&quot;background_background&quot;:&quot;classic&quot;}\">\n\t\t\t<div class=\"elementor-widget-wrap elementor-element-populated\">\n\t\t\t\t\t\t<div class=\"elementor-element elementor-element-ff8268c elementor-view-stacked widget-reseau-sociaux elementor-widget__width-auto elementor-shape-circle elementor-widget elementor-widget-icon\" data-id=\"ff8268c\" data-element_type=\"widget\" data-widget_type=\"icon.default\">\n\t\t\t\t<div class=\"elementor-widget-container\">\n\t\t\t\t\t<div class=\"elementor-icon-wrapper\">\n\t\t\t<a class=\"elementor-icon elementor-animation-grow\" href=\"https:\/\/fr-fr.facebook.com\/fondationyvesrocher\/\" target=\"_blank\">\n\t\t\t<i aria-hidden=\"true\" class=\"fab fa-facebook-f\"><\/i>\t\t\t<\/a>\n\t\t<\/div>\n\t\t\t\t<\/div>\n\t\t\t\t<\/div>\n\t\t\t\t<div class=\"elementor-element elementor-element-7d910b4 elementor-view-stacked widget-reseau-sociaux elementor-widget__width-auto elementor-shape-circle elementor-widget elementor-widget-icon\" data-id=\"7d910b4\" data-element_type=\"widget\" data-widget_type=\"icon.default\">\n\t\t\t\t<div class=\"elementor-widget-container\">\n\t\t\t\t\t<div class=\"elementor-icon-wrapper\">\n\t\t\t<a class=\"elementor-icon elementor-animation-grow\" href=\"https:\/\/www.instagram.com\/fondationyvesrocher\/?hl=fr\" target=\"_blank\">\n\t\t\t<i aria-hidden=\"true\" class=\"fab fa-instagram\"><\/i>\t\t\t<\/a>\n\t\t<\/div>\n\t\t\t\t<\/div>\n\t\t\t\t<\/div>\n\t\t\t\t<div class=\"elementor-element elementor-element-9dfc218 elementor-view-stacked widget-reseau-sociaux myModal elementor-widget__width-auto elementor-shape-circle elementor-widget elementor-widget-icon\" data-id=\"9dfc218\" data-element_type=\"widget\" data-widget_type=\"icon.default\">\n\t\t\t\t<div class=\"elementor-widget-container\">\n\t\t\t\t\t<div class=\"elementor-icon-wrapper\">\n\t\t\t<div class=\"elementor-icon elementor-animation-grow\">\n\t\t\t<i aria-hidden=\"true\" class=\"far fa-envelope\"><\/i>\t\t\t<\/div>\n\t\t<\/div>\n\t\t\t\t<\/div>\n\t\t\t\t<\/div>\n\t\t\t\t<div class=\"elementor-element elementor-element-1c12e3f elementor-view-stacked widget-reseau-sociaux elementor-widget__width-auto elementor-shape-circle elementor-widget elementor-widget-icon\" data-id=\"1c12e3f\" data-element_type=\"widget\" data-widget_type=\"icon.default\">\n\t\t\t\t<div class=\"elementor-widget-container\">\n\t\t\t\t\t<div class=\"elementor-icon-wrapper\">\n\t\t\t<a class=\"elementor-icon elementor-animation-grow\" href=\"https:\/\/www.linkedin.com\/company\/fondation-yves-rocher\/\">\n\t\t\t<i aria-hidden=\"true\" class=\"fab fa-linkedin-in\"><\/i>\t\t\t<\/a>\n\t\t<\/div>\n\t\t\t\t<\/div>\n\t\t\t\t<\/div>\n\t\t\t\t<div class=\"elementor-element elementor-element-2f60c55 elementor-view-stacked widget-reseau-sociaux elementor-widget__width-auto elementor-shape-circle elementor-widget elementor-widget-icon\" data-id=\"2f60c55\" data-element_type=\"widget\" data-widget_type=\"icon.default\">\n\t\t\t\t<div class=\"elementor-widget-container\">\n\t\t\t\t\t<div class=\"elementor-icon-wrapper\">\n\t\t\t<a class=\"elementor-icon elementor-animation-grow\" href=\"https:\/\/www.youtube.com\/user\/FondationYvesRocher\">\n\t\t\t<i aria-hidden=\"true\" class=\"fab fa-youtube\"><\/i>\t\t\t<\/a>\n\t\t<\/div>\n\t\t\t\t<\/div>\n\t\t\t\t<\/div>\n\t\t\t\t\t<\/div>\n\t\t<\/div>\n\t\t\t\t<div class=\"elementor-column elementor-col-33 elementor-top-column elementor-element elementor-element-47addb78\" data-id=\"47addb78\" data-element_type=\"column\" data-settings=\"{&quot;background_background&quot;:&quot;classic&quot;}\">\n\t\t\t<div class=\"elementor-widget-wrap elementor-element-populated\">\n\t\t\t\t\t\t<div class=\"elementor-element elementor-element-21e3142e right-text-block-social elementor-widget elementor-widget-text-editor\" data-id=\"21e3142e\" data-element_type=\"widget\" data-widget_type=\"text-editor.default\">\n\t\t\t\t<div class=\"elementor-widget-container\">\n\t\t\t\t\t\t\t<p><em>#let&#8217;s cultivate commitment together<\/em><\/p>\n\t\t\t\t\t\t<\/div>\n\t\t\t\t<\/div>\n\t\t\t\t\t<\/div>\n\t\t<\/div>\n\t\t\t\t\t<\/div>\n\t\t<\/section>\n\t\t\t\t<section class=\"elementor-section elementor-top-section elementor-element elementor-element-5b94142a elementor-section-stretched elementor-section-boxed elementor-section-height-default elementor-section-height-default\" data-id=\"5b94142a\" data-element_type=\"section\" data-settings=\"{&quot;stretch_section&quot;:&quot;section-stretched&quot;}\">\n\t\t\t\t\t\t<div class=\"elementor-container elementor-column-gap-no\">\n\t\t\t\t\t<div class=\"elementor-column elementor-col-33 elementor-top-column elementor-element elementor-element-29f2e10d icone-small\" data-id=\"29f2e10d\" data-element_type=\"column\">\n\t\t\t<div class=\"elementor-widget-wrap elementor-element-populated\">\n\t\t\t\t\t\t<div class=\"elementor-element elementor-element-725d6a52 height-widget-bio-1-2  elementor-widget elementor-widget-Biodiversite\" data-id=\"725d6a52\" data-element_type=\"widget\" data-widget_type=\"Biodiversite.default\">\n\t\t\t\t<div class=\"elementor-widget-container\">\n\t\t\t            <div class=\"template2\">\n                <div class=\"premium-blog-thumb-effect-wrapper\">\n                    <div class=\"premium-blog-thumbnail-container\">\n                        <div class=\"premium-blog-zoomin-effect\">\n                            <a href=\"https:\/\/www.yves-rocher-fondation.org\/en\/sur-le-terrain\/alan-guillou\/\" class=\"\" style=\"background:url('https:\/\/www.yves-rocher-fondation.org\/wp-content\/uploads\/ALAN-GUILLOU.webp') no-repeat top center; \">\n                                <img loading=\"lazy\" decoding=\"async\" width=\"600\" height=\"600\" src=\"https:\/\/www.yves-rocher-fondation.org\/wp-content\/uploads\/ALAN-GUILLOU.webp\" class=\"attachment-large size-large wp-post-image\" alt=\"\" srcset=\"https:\/\/www.yves-rocher-fondation.org\/wp-content\/uploads\/ALAN-GUILLOU.webp 600w, https:\/\/www.yves-rocher-fondation.org\/wp-content\/uploads\/ALAN-GUILLOU-500x500.webp 500w, https:\/\/www.yves-rocher-fondation.org\/wp-content\/uploads\/ALAN-GUILLOU-100x100.webp 100w, https:\/\/www.yves-rocher-fondation.org\/wp-content\/uploads\/ALAN-GUILLOU-293x293.webp 293w, https:\/\/www.yves-rocher-fondation.org\/wp-content\/uploads\/ALAN-GUILLOU-390x390.webp 390w, https:\/\/www.yves-rocher-fondation.org\/wp-content\/uploads\/ALAN-GUILLOU-585x585.webp 585w\" sizes=\"(max-width: 600px) 100vw, 600px\" \/>                            <\/a>\n                        <\/div>\n                                            <\/div>\n                    <div class=\"premium-blog-content-wrapper \">\n                        <div class=\"title-wrap\">\n                            <h3 class=\"premium-blog-entry-title bio-1\">\n                                <a href=\"https:\/\/www.yves-rocher-fondation.org\/en\/sur-le-terrain\/alan-guillou\/\">Alan Guillou<\/a>\n                            <\/h3>\n                            <p class=\"subtitle bio-1\">Planting superhero<\/p>\n                        <\/div>\n                    <\/div>\n                <\/div>\n            <\/div>\n\n\t\t<\/div>\n\t\t\t\t<\/div>\n\t\t\t\t<section class=\"elementor-section elementor-inner-section elementor-element elementor-element-3adbaee8 no--gap height-widget-bio-1-3 elementor-section-boxed elementor-section-height-default elementor-section-height-default\" data-id=\"3adbaee8\" data-element_type=\"section\">\n\t\t\t\t\t\t<div class=\"elementor-container elementor-column-gap-default\">\n\t\t\t\t\t<div class=\"elementor-column elementor-col-50 elementor-inner-column elementor-element elementor-element-2c09af3d\" data-id=\"2c09af3d\" data-element_type=\"column\">\n\t\t\t<div class=\"elementor-widget-wrap elementor-element-populated\">\n\t\t\t\t\t\t<div class=\"elementor-element elementor-element-64189857 height-widget-bio-1-2  elementor-widget elementor-widget-Biodiversite\" data-id=\"64189857\" data-element_type=\"widget\" data-widget_type=\"Biodiversite.default\">\n\t\t\t\t<div class=\"elementor-widget-container\">\n\t\t\t            <div class=\"template2\">\n                <div class=\"premium-blog-thumb-effect-wrapper\">\n                    <div class=\"premium-blog-thumbnail-container\">\n                        <div class=\"premium-blog-zoomin-effect\">\n                            <a href=\"https:\/\/www.yves-rocher-fondation.org\/en\/photographers-supported\/\" class=\"\" style=\"background:url('https:\/\/www.yves-rocher-fondation.org\/wp-content\/uploads\/Gael-Turine_Visa_Benin1-1500x1000.webp') no-repeat top center; \">\n                                <img loading=\"lazy\" decoding=\"async\" width=\"1200\" height=\"800\" src=\"https:\/\/www.yves-rocher-fondation.org\/wp-content\/uploads\/Gael-Turine_Visa_Benin1-1500x1000.webp\" class=\"attachment-large size-large wp-post-image\" alt=\"Les for\u00eats sacr\u00e9es du Benin - photoreportage de Ga\u00ebl Turine pour Visa pour l&#039;Image x Fondation Yves Rocher\" srcset=\"https:\/\/www.yves-rocher-fondation.org\/wp-content\/uploads\/Gael-Turine_Visa_Benin1-1500x1000.webp 1500w, https:\/\/www.yves-rocher-fondation.org\/wp-content\/uploads\/Gael-Turine_Visa_Benin1-500x333.webp 500w, https:\/\/www.yves-rocher-fondation.org\/wp-content\/uploads\/Gael-Turine_Visa_Benin1-770x513.webp 770w, https:\/\/www.yves-rocher-fondation.org\/wp-content\/uploads\/Gael-Turine_Visa_Benin1-1536x1024.webp 1536w, https:\/\/www.yves-rocher-fondation.org\/wp-content\/uploads\/Gael-Turine_Visa_Benin1-370x247.webp 370w, https:\/\/www.yves-rocher-fondation.org\/wp-content\/uploads\/Gael-Turine_Visa_Benin1-1155x770.webp 1155w, https:\/\/www.yves-rocher-fondation.org\/wp-content\/uploads\/Gael-Turine_Visa_Benin1-293x195.webp 293w, https:\/\/www.yves-rocher-fondation.org\/wp-content\/uploads\/Gael-Turine_Visa_Benin1-1400x933.webp 1400w, https:\/\/www.yves-rocher-fondation.org\/wp-content\/uploads\/Gael-Turine_Visa_Benin1.webp 1920w\" sizes=\"(max-width: 1200px) 100vw, 1200px\" \/>                            <\/a>\n                        <\/div>\n                                            <\/div>\n                    <div class=\"premium-blog-content-wrapper \">\n                        <div class=\"title-wrap\">\n                            <h3 class=\"premium-blog-entry-title bio-1\">\n                                <a href=\"https:\/\/www.yves-rocher-fondation.org\/en\/photographers-supported\/\">PHOTOGRAPHERS SUPPORTED<\/a>\n                            <\/h3>\n                            <p class=\"subtitle bio-1\">The Yves Rocher Foundation - Visa pour l\u2019Image Photo Award<\/p>\n                        <\/div>\n                    <\/div>\n                <\/div>\n            <\/div>\n\n\t\t<\/div>\n\t\t\t\t<\/div>\n\t\t\t\t\t<\/div>\n\t\t<\/div>\n\t\t\t\t<div class=\"elementor-column elementor-col-50 elementor-inner-column elementor-element elementor-element-4078cb4d\" data-id=\"4078cb4d\" data-element_type=\"column\">\n\t\t\t<div class=\"elementor-widget-wrap elementor-element-populated\">\n\t\t\t\t\t\t<div class=\"elementor-element elementor-element-7fba2f23 height-widget-bio-1-2  elementor-widget elementor-widget-Biodiversite\" data-id=\"7fba2f23\" data-element_type=\"widget\" data-widget_type=\"Biodiversite.default\">\n\t\t\t\t<div class=\"elementor-widget-container\">\n\t\t\t            <div class=\"template2\">\n                <div class=\"premium-blog-thumb-effect-wrapper\">\n                    <div class=\"premium-blog-thumbnail-container\">\n                        <div class=\"premium-blog-zoomin-effect\">\n                            <a href=\"https:\/\/www.yves-rocher-fondation.org\/en\/festival-photo-la-gacilly\/\" class=\"\" style=\"background:url('https:\/\/www.yves-rocher-fondation.org\/wp-content\/uploads\/2019\/06\/2-Quarmyne-3-1270x847-1270x847.jpg') no-repeat top center; \">\n                                <img loading=\"lazy\" decoding=\"async\" width=\"1200\" height=\"800\" src=\"https:\/\/www.yves-rocher-fondation.org\/wp-content\/uploads\/2019\/06\/2-Quarmyne-3-1270x847-1270x847.jpg\" class=\"attachment-large size-large wp-post-image\" alt=\"Festival photo  Gacilly\" srcset=\"https:\/\/www.yves-rocher-fondation.org\/wp-content\/uploads\/2019\/06\/2-Quarmyne-3-1270x847-1270x847.jpg 1270w, https:\/\/www.yves-rocher-fondation.org\/wp-content\/uploads\/2019\/06\/2-Quarmyne-3-1270x847-1270x847-500x333.jpg 500w, https:\/\/www.yves-rocher-fondation.org\/wp-content\/uploads\/2019\/06\/2-Quarmyne-3-1270x847-1270x847-770x514.jpg 770w, https:\/\/www.yves-rocher-fondation.org\/wp-content\/uploads\/2019\/06\/2-Quarmyne-3-1270x847-1270x847-370x247.jpg 370w, https:\/\/www.yves-rocher-fondation.org\/wp-content\/uploads\/2019\/06\/2-Quarmyne-3-1270x847-1270x847-1155x770.jpg 1155w, https:\/\/www.yves-rocher-fondation.org\/wp-content\/uploads\/2019\/06\/2-Quarmyne-3-1270x847-1270x847-293x195.jpg 293w\" sizes=\"(max-width: 1200px) 100vw, 1200px\" \/>                            <\/a>\n                        <\/div>\n                                            <\/div>\n                    <div class=\"premium-blog-content-wrapper \">\n                        <div class=\"title-wrap\">\n                            <h3 class=\"premium-blog-entry-title bio-1\">\n                                <a href=\"https:\/\/www.yves-rocher-fondation.org\/en\/festival-photo-la-gacilly\/\">LA GACILLY PHOTO FESTIVAL<\/a>\n                            <\/h3>\n                            <p class=\"subtitle bio-1\">The spiritual home of committed photography<\/p>\n                        <\/div>\n                    <\/div>\n                <\/div>\n            <\/div>\n\n\t\t<\/div>\n\t\t\t\t<\/div>\n\t\t\t\t\t<\/div>\n\t\t<\/div>\n\t\t\t\t\t<\/div>\n\t\t<\/section>\n\t\t\t\t\t<\/div>\n\t\t<\/div>\n\t\t\t\t<div class=\"elementor-column elementor-col-66 elementor-top-column elementor-element elementor-element-c3af39c\" data-id=\"c3af39c\" data-element_type=\"column\" data-settings=\"{&quot;background_background&quot;:&quot;gradient&quot;}\">\n\t\t\t<div class=\"elementor-widget-wrap elementor-element-populated\">\n\t\t\t\t\t\t<div class=\"elementor-element elementor-element-5b5a1788 partenaire2 elementor-widget elementor-widget-block_partenaire\" data-id=\"5b5a1788\" data-element_type=\"widget\" data-widget_type=\"block_partenaire.default\">\n\t\t\t\t<div class=\"elementor-widget-container\">\n\t\t\t\t\t<div class=\"block_partenaires\">\n\t\t\t<div class=\"partenaires_title\">\n\t\t\t\tPartners of the Photography, People & Nature programme\n\t\t\t<\/div>\n\t\t\t<div class=\"partenaires\">\n\t\t\t\t<div class=\"step\">\n\t\t\t\t\t\t<div class=\"partenaire\">\n\t\t\t\t\t\t\t<a href=\"#\" target=\"_blank\">\n\t\t\t\t\t\t\t\t<div class=\"img\"><img loading=\"lazy\" decoding=\"async\" width=\"282\" height=\"98\" src=\"https:\/\/www.yves-rocher-fondation.org\/wp-content\/uploads\/2019\/05\/LeFigaro.jpg\" class=\"attachment-shop_thumbnail size-shop_thumbnail wp-post-image\" alt=\"LeFigaro\" \/><\/div>\n\t\t\t\t\t\t\t<\/a>\n\t\t\t\t\t\t<\/div>\n\t\t\t\t\n\t\t\t\t\t\t<div class=\"partenaire\">\n\t\t\t\t\t\t\t<a href=\"https:\/\/www.sciencesetavenir.fr\/\" target=\"_blank\">\n\t\t\t\t\t\t\t\t<div class=\"img\"><img loading=\"lazy\" decoding=\"async\" width=\"150\" height=\"76\" src=\"https:\/\/www.yves-rocher-fondation.org\/wp-content\/uploads\/2019\/05\/Sciences-avenir.jpg\" class=\"attachment-shop_thumbnail size-shop_thumbnail wp-post-image\" alt=\"\" \/><\/div>\n\t\t\t\t\t\t\t<\/a>\n\t\t\t\t\t\t<\/div>\n\t\t\t\t<\/div><div class=\"step\">\n\t\t\t\t\t\t<div class=\"partenaire\">\n\t\t\t\t\t\t\t<a href=\"https:\/\/www.visapourlimage.com\/\" target=\"_blank\">\n\t\t\t\t\t\t\t\t<div class=\"img\"><img loading=\"lazy\" decoding=\"async\" width=\"199\" height=\"132\" src=\"https:\/\/www.yves-rocher-fondation.org\/wp-content\/uploads\/2019\/05\/Visa.jpg\" class=\"attachment-shop_thumbnail size-shop_thumbnail wp-post-image\" alt=\"visa\" \/><\/div>\n\t\t\t\t\t\t\t<\/a>\n\t\t\t\t\t\t<\/div>\n\t\t\t\t\n\t\t\t\t\t\t<div class=\"partenaire\">\n\t\t\t\t\t\t\t<a href=\"https:\/\/vsd.fr\/\" target=\"_blank\">\n\t\t\t\t\t\t\t\t<div class=\"img\"><img loading=\"lazy\" decoding=\"async\" width=\"150\" height=\"106\" src=\"https:\/\/www.yves-rocher-fondation.org\/wp-content\/uploads\/2019\/05\/VSD.jpg\" class=\"attachment-shop_thumbnail size-shop_thumbnail wp-post-image\" alt=\"\" \/><\/div>\n\t\t\t\t\t\t\t<\/a>\n\t\t\t\t\t\t<\/div>\n\t\t\t\t<\/div>\t\t\t<\/div>\n\t\t<\/div>\n\n\t\t<\/div>\n\t\t\t\t<\/div>\n\t\t\t\t<section class=\"elementor-section elementor-inner-section elementor-element elementor-element-4e0de89c block-soutenez elementor-section-boxed elementor-section-height-default elementor-section-height-default\" data-id=\"4e0de89c\" data-element_type=\"section\">\n\t\t\t\t\t\t<div class=\"elementor-container elementor-column-gap-default\">\n\t\t\t\t\t<div class=\"elementor-column elementor-col-100 elementor-inner-column elementor-element elementor-element-1d62b900\" data-id=\"1d62b900\" data-element_type=\"column\" data-settings=\"{&quot;background_background&quot;:&quot;classic&quot;}\">\n\t\t\t<div class=\"elementor-widget-wrap elementor-element-populated\">\n\t\t\t\t\t\t<div class=\"elementor-element elementor-element-58dcdc7a elementor-widget elementor-widget-text-editor\" data-id=\"58dcdc7a\" data-element_type=\"widget\" data-widget_type=\"text-editor.default\">\n\t\t\t\t<div class=\"elementor-widget-container\">\n\t\t\t\t\t\t\t<p style=\"text-align: center;\"><strong>PARTICIPATE<\/strong><br \/>\nin the Photo Award<br \/>\nYves Rocher Foundation<\/p>\n\t\t\t\t\t\t<\/div>\n\t\t\t\t<\/div>\n\t\t\t\t<div class=\"elementor-element elementor-element-24c8fe20 elementor-align-center elementor-tablet-align-center participer elementor-widget elementor-widget-button\" data-id=\"24c8fe20\" data-element_type=\"widget\" data-widget_type=\"button.default\">\n\t\t\t\t<div class=\"elementor-widget-container\">\n\t\t\t\t\t\t\t<div class=\"elementor-button-wrapper\">\n\t\t\t\t\t<a class=\"elementor-button elementor-button-link elementor-size-lg\" href=\"https:\/\/www.yves-rocher-fondation.org\/en\/candidater-au-prix-photo\/\">\n\t\t\t\t\t\t<span class=\"elementor-button-content-wrapper\">\n\t\t\t\t\t\t<span class=\"elementor-button-icon\">\n\t\t\t\t\t\t\t\t\t<i class=\"fa fa-envelope-o\" aria-hidden=\"true\"><\/i>\n\t\t\t\t\t\t\t<\/span>\n\t\t\t\t\t\t\t\t\t<span class=\"elementor-button-text\">Apply<\/span>\n\t\t\t\t\t<\/span>\n\t\t\t\t\t<\/a>\n\t\t\t\t<\/div>\n\t\t\t\t\t\t<\/div>\n\t\t\t\t<\/div>\n\t\t\t\t\t<\/div>\n\t\t<\/div>\n\t\t\t\t\t<\/div>\n\t\t<\/section>\n\t\t\t\t\t<\/div>\n\t\t<\/div>\n\t\t\t\t\t<\/div>\n\t\t<\/section>\n\t\t\t\t<\/div>\n\t\t","protected":false},"excerpt":{"rendered":"<p>The Yves Rocher Foundation supports committed photographers. Through their eyes, a whole world is waiting to be discovered, loved and protected. Fausto Podavini The end of a world PHOTOGRAPHERS SUPPORTED The Yves Rocher Foundation &#8211; Visa pour l\u2019Image Pho&#8230; LA GACILLY PHOTO FESTIVAL The spiritual home of committed photography Yves Rocher Foundation Photo Award IN PARTNERSHIP WITH VISA POUR L\u2019IMAGE &#8211; PERPIGNAN APPLY! Because each view of the world is unique, because difference is what nourishes our opinions, and because [&hellip;]<\/p>\n","protected":false},"author":1,"featured_media":121646,"parent":0,"menu_order":0,"comment_status":"closed","ping_status":"closed","template":"page-plant-bio.php","meta":{"footnotes":""},"categories":[170],"class_list":["post-110088","page","type-page","status-publish","has-post-thumbnail","hentry","category-photography-people-nature"],"yoast_head":"<!-- This site is optimized with the Yoast SEO plugin v26.1.1 - https:\/\/yoast.com\/wordpress\/plugins\/seo\/ -->\n<title>Photography, People &amp; Nature - Fondation Yves Rocher -110088<\/title>\n<meta name=\"description\" content=\"The Yves Rocher Foundation supports photographers with a conscience through its Photography, Peoples &amp; Nature programme. Gain insight into their vision of the state of our planet.\" \/>\n<meta name=\"robots\" content=\"index, follow, max-snippet:-1, max-image-preview:large, max-video-preview:-1\" \/>\n<link rel=\"canonical\" href=\"https:\/\/www.yves-rocher-fondation.org\/en\/photography-people-nature\/\" \/>\n<meta property=\"og:locale\" content=\"en_US\" \/>\n<meta property=\"og:type\" content=\"article\" \/>\n<meta property=\"og:title\" content=\"Photography, People &amp; Nature - Fondation Yves Rocher -110088\" \/>\n<meta property=\"og:description\" content=\"The Yves Rocher Foundation supports photographers with a conscience through its Photography, Peoples &amp; Nature programme. Gain insight into their vision of the state of our planet.\" \/>\n<meta property=\"og:url\" content=\"https:\/\/www.yves-rocher-fondation.org\/en\/photography-people-nature\/\" \/>\n<meta property=\"og:site_name\" content=\"Fondation Yves Rocher\" \/>\n<meta property=\"article:modified_time\" content=\"2025-01-28T10:03:50+00:00\" \/>\n<meta property=\"og:image\" content=\"https:\/\/www.yves-rocher-fondation.org\/wp-content\/uploads\/header-actionsphoto.jpg\" \/>\n\t<meta property=\"og:image:width\" content=\"1170\" \/>\n\t<meta property=\"og:image:height\" content=\"690\" \/>\n\t<meta property=\"og:image:type\" content=\"image\/jpeg\" \/>\n<meta name=\"twitter:card\" content=\"summary_large_image\" \/>\n<meta name=\"twitter:label1\" content=\"Est. reading time\" \/>\n\t<meta name=\"twitter:data1\" content=\"6 minutes\" \/>\n<script type=\"application\/ld+json\" class=\"yoast-schema-graph\">{\"@context\":\"https:\/\/schema.org\",\"@graph\":[{\"@type\":\"WebPage\",\"@id\":\"https:\/\/www.yves-rocher-fondation.org\/en\/photography-people-nature\/\",\"url\":\"https:\/\/www.yves-rocher-fondation.org\/en\/photography-people-nature\/\",\"name\":\"Photography, People & Nature - Fondation Yves Rocher -110088\",\"isPartOf\":{\"@id\":\"https:\/\/www.yves-rocher-fondation.org\/en\/#website\"},\"primaryImageOfPage\":{\"@id\":\"https:\/\/www.yves-rocher-fondation.org\/en\/photography-people-nature\/#primaryimage\"},\"image\":{\"@id\":\"https:\/\/www.yves-rocher-fondation.org\/en\/photography-people-nature\/#primaryimage\"},\"thumbnailUrl\":\"https:\/\/www.yves-rocher-fondation.org\/wp-content\/uploads\/header-actionsphoto.jpg\",\"datePublished\":\"2019-06-11T13:22:14+00:00\",\"dateModified\":\"2025-01-28T10:03:50+00:00\",\"description\":\"The Yves Rocher Foundation supports photographers with a conscience through its Photography, Peoples & Nature programme. Gain insight into their vision of the state of our planet.\",\"breadcrumb\":{\"@id\":\"https:\/\/www.yves-rocher-fondation.org\/en\/photography-people-nature\/#breadcrumb\"},\"inLanguage\":\"en-US\",\"potentialAction\":[{\"@type\":\"ReadAction\",\"target\":[\"https:\/\/www.yves-rocher-fondation.org\/en\/photography-people-nature\/\"]}]},{\"@type\":\"ImageObject\",\"inLanguage\":\"en-US\",\"@id\":\"https:\/\/www.yves-rocher-fondation.org\/en\/photography-people-nature\/#primaryimage\",\"url\":\"https:\/\/www.yves-rocher-fondation.org\/wp-content\/uploads\/header-actionsphoto.jpg\",\"contentUrl\":\"https:\/\/www.yves-rocher-fondation.org\/wp-content\/uploads\/header-actionsphoto.jpg\",\"width\":1170,\"height\":690,\"caption\":\"Regards sur le monde\"},{\"@type\":\"BreadcrumbList\",\"@id\":\"https:\/\/www.yves-rocher-fondation.org\/en\/photography-people-nature\/#breadcrumb\",\"itemListElement\":[{\"@type\":\"ListItem\",\"position\":1,\"name\":\"Home\",\"item\":\"https:\/\/www.yves-rocher-fondation.org\/en\/home-page-english\/\"},{\"@type\":\"ListItem\",\"position\":2,\"name\":\"Photography, People &#038; Nature\"}]},{\"@type\":\"WebSite\",\"@id\":\"https:\/\/www.yves-rocher-fondation.org\/en\/#website\",\"url\":\"https:\/\/www.yves-rocher-fondation.org\/en\/\",\"name\":\"Fondation Yves Rocher\",\"description\":\"Fondation Yves Rocher\",\"potentialAction\":[{\"@type\":\"SearchAction\",\"target\":{\"@type\":\"EntryPoint\",\"urlTemplate\":\"https:\/\/www.yves-rocher-fondation.org\/en\/?s={search_term_string}\"},\"query-input\":{\"@type\":\"PropertyValueSpecification\",\"valueRequired\":true,\"valueName\":\"search_term_string\"}}],\"inLanguage\":\"en-US\"}]}<\/script>\n<!-- \/ Yoast SEO plugin. -->","yoast_head_json":{"title":"Photography, People & Nature - Fondation Yves Rocher -110088","description":"The Yves Rocher Foundation supports photographers with a conscience through its Photography, Peoples & Nature programme. Gain insight into their vision of the state of our planet.","robots":{"index":"index","follow":"follow","max-snippet":"max-snippet:-1","max-image-preview":"max-image-preview:large","max-video-preview":"max-video-preview:-1"},"canonical":"https:\/\/www.yves-rocher-fondation.org\/en\/photography-people-nature\/","og_locale":"en_US","og_type":"article","og_title":"Photography, People & Nature - Fondation Yves Rocher -110088","og_description":"The Yves Rocher Foundation supports photographers with a conscience through its Photography, Peoples & Nature programme. Gain insight into their vision of the state of our planet.","og_url":"https:\/\/www.yves-rocher-fondation.org\/en\/photography-people-nature\/","og_site_name":"Fondation Yves Rocher","article_modified_time":"2025-01-28T10:03:50+00:00","og_image":[{"width":1170,"height":690,"url":"https:\/\/www.yves-rocher-fondation.org\/wp-content\/uploads\/header-actionsphoto.jpg","type":"image\/jpeg"}],"twitter_card":"summary_large_image","twitter_misc":{"Est. reading time":"6 minutes"},"schema":{"@context":"https:\/\/schema.org","@graph":[{"@type":"WebPage","@id":"https:\/\/www.yves-rocher-fondation.org\/en\/photography-people-nature\/","url":"https:\/\/www.yves-rocher-fondation.org\/en\/photography-people-nature\/","name":"Photography, People & Nature - Fondation Yves Rocher -110088","isPartOf":{"@id":"https:\/\/www.yves-rocher-fondation.org\/en\/#website"},"primaryImageOfPage":{"@id":"https:\/\/www.yves-rocher-fondation.org\/en\/photography-people-nature\/#primaryimage"},"image":{"@id":"https:\/\/www.yves-rocher-fondation.org\/en\/photography-people-nature\/#primaryimage"},"thumbnailUrl":"https:\/\/www.yves-rocher-fondation.org\/wp-content\/uploads\/header-actionsphoto.jpg","datePublished":"2019-06-11T13:22:14+00:00","dateModified":"2025-01-28T10:03:50+00:00","description":"The Yves Rocher Foundation supports photographers with a conscience through its Photography, Peoples & Nature programme. Gain insight into their vision of the state of our planet.","breadcrumb":{"@id":"https:\/\/www.yves-rocher-fondation.org\/en\/photography-people-nature\/#breadcrumb"},"inLanguage":"en-US","potentialAction":[{"@type":"ReadAction","target":["https:\/\/www.yves-rocher-fondation.org\/en\/photography-people-nature\/"]}]},{"@type":"ImageObject","inLanguage":"en-US","@id":"https:\/\/www.yves-rocher-fondation.org\/en\/photography-people-nature\/#primaryimage","url":"https:\/\/www.yves-rocher-fondation.org\/wp-content\/uploads\/header-actionsphoto.jpg","contentUrl":"https:\/\/www.yves-rocher-fondation.org\/wp-content\/uploads\/header-actionsphoto.jpg","width":1170,"height":690,"caption":"Regards sur le monde"},{"@type":"BreadcrumbList","@id":"https:\/\/www.yves-rocher-fondation.org\/en\/photography-people-nature\/#breadcrumb","itemListElement":[{"@type":"ListItem","position":1,"name":"Home","item":"https:\/\/www.yves-rocher-fondation.org\/en\/home-page-english\/"},{"@type":"ListItem","position":2,"name":"Photography, People &#038; Nature"}]},{"@type":"WebSite","@id":"https:\/\/www.yves-rocher-fondation.org\/en\/#website","url":"https:\/\/www.yves-rocher-fondation.org\/en\/","name":"Fondation Yves Rocher","description":"Fondation Yves Rocher","potentialAction":[{"@type":"SearchAction","target":{"@type":"EntryPoint","urlTemplate":"https:\/\/www.yves-rocher-fondation.org\/en\/?s={search_term_string}"},"query-input":{"@type":"PropertyValueSpecification","valueRequired":true,"valueName":"search_term_string"}}],"inLanguage":"en-US"}]}},"_links":{"self":[{"href":"https:\/\/www.yves-rocher-fondation.org\/en\/wp-json\/wp\/v2\/pages\/110088","targetHints":{"allow":["GET"]}}],"collection":[{"href":"https:\/\/www.yves-rocher-fondation.org\/en\/wp-json\/wp\/v2\/pages"}],"about":[{"href":"https:\/\/www.yves-rocher-fondation.org\/en\/wp-json\/wp\/v2\/types\/page"}],"author":[{"embeddable":true,"href":"https:\/\/www.yves-rocher-fondation.org\/en\/wp-json\/wp\/v2\/users\/1"}],"replies":[{"embeddable":true,"href":"https:\/\/www.yves-rocher-fondation.org\/en\/wp-json\/wp\/v2\/comments?post=110088"}],"version-history":[{"count":44,"href":"https:\/\/www.yves-rocher-fondation.org\/en\/wp-json\/wp\/v2\/pages\/110088\/revisions"}],"predecessor-version":[{"id":126059,"href":"https:\/\/www.yves-rocher-fondation.org\/en\/wp-json\/wp\/v2\/pages\/110088\/revisions\/126059"}],"wp:featuredmedia":[{"embeddable":true,"href":"https:\/\/www.yves-rocher-fondation.org\/en\/wp-json\/wp\/v2\/media\/121646"}],"wp:attachment":[{"href":"https:\/\/www.yves-rocher-fondation.org\/en\/wp-json\/wp\/v2\/media?parent=110088"}],"wp:term":[{"taxonomy":"category","embeddable":true,"href":"https:\/\/www.yves-rocher-fondation.org\/en\/wp-json\/wp\/v2\/categories?post=110088"}],"curies":[{"name":"wp","href":"https:\/\/api.w.org\/{rel}","templated":true}]}}